{"id":31,"date":"2017-10-16T13:36:02","date_gmt":"2017-10-16T13:36:02","guid":{"rendered":"http:\/\/rutadelaseda.com.ar\/blog\/?page_id=31"},"modified":"2019-12-04T15:20:00","modified_gmt":"2019-12-04T15:20:00","slug":"notas-publicadas","status":"publish","type":"page","link":"http:\/\/rutadelaseda.com.ar\/blog\/notas-publicadas\/","title":{"rendered":"Notas Publicadas"},"content":{"rendered":"<p><a href=\"http:\/\/rutadelaseda.com.ar\/blog\/wp-content\/uploads\/2017\/10\/El-escudo-del-odio.pdf\">El escudo del odio &#8211; Diciembre 2019<\/a><\/p>\n<p><a href=\"http:\/\/rutadelaseda.com.ar\/blog\/wp-content\/uploads\/2017\/10\/images.jpg\"><img loading=\"lazy\" decoding=\"async\" class=\"alignnone size-full wp-image-109\" src=\"http:\/\/rutadelaseda.com.ar\/blog\/wp-content\/uploads\/2017\/10\/images.jpg\" alt=\"\" width=\"286\" height=\"176\" \/><\/a><\/p>\n<p><a href=\"https:\/\/www.revistacriterio.com.ar\/bloginst_new\/2019\/10\/29\/el-dia-despues-una-reflexion-muy-personal\/?utm_source=feedburner&#038;utm_medium=email&#038;utm_campaign=Feed%3A+RevistaCriterio+%28Revista+Criterio%29\">https:\/\/www.revistacriterio.com.ar\/bloginst_new\/2019\/10\/29\/el-dia-despues-una-reflexion-muy-personal\/?utm_source=feedburner&amp;utm_medium=email&amp;utm_campaign=Feed%3A+RevistaCriterio+%28Revista+Criterio%29<\/a><\/p>\n<p><a href=\"http:\/\/rutadelaseda.com.ar\/blog\/wp-content\/uploads\/2017\/10\/La-muerte-es-el-olvido-Celesia-Octubre-2019.pdf\">La muerte es el olvido &#8211; Celesia &#8211; Octubre 2019<\/a><\/p>\n<p><a href=\"http:\/\/rutadelaseda.com.ar\/blog\/wp-content\/uploads\/2017\/10\/la-muerte-es-el-olvido_felipe-celesia.jpg\"><img loading=\"lazy\" decoding=\"async\" class=\"alignnone size-medium wp-image-93\" src=\"http:\/\/rutadelaseda.com.ar\/blog\/wp-content\/uploads\/2017\/10\/la-muerte-es-el-olvido_felipe-celesia-195x300.jpg\" alt=\"\" width=\"195\" height=\"300\" srcset=\"http:\/\/rutadelaseda.com.ar\/blog\/wp-content\/uploads\/2017\/10\/la-muerte-es-el-olvido_felipe-celesia-195x300.jpg 195w, http:\/\/rutadelaseda.com.ar\/blog\/wp-content\/uploads\/2017\/10\/la-muerte-es-el-olvido_felipe-celesia.jpg 252w\" sizes=\"auto, (max-width: 195px) 100vw, 195px\" \/><\/a><\/p>\n<p><a href=\"http:\/\/rutadelaseda.com.ar\/blog\/wp-content\/uploads\/2017\/10\/La-m\u00e1scara-Foucault-Tom\u00e1s-Abraham.pdf\">La m\u00e1scara Foucault &#8211; Tom\u00e1s Abraham &#8211; Septiembre 2019<\/a><\/p>\n<p><a href=\"http:\/\/rutadelaseda.com.ar\/blog\/wp-content\/uploads\/2017\/10\/portada_la-mascara-foucault_tomas-abraham_201907111652.jpg\"><img loading=\"lazy\" decoding=\"async\" class=\"alignnone size-medium wp-image-86\" src=\"http:\/\/rutadelaseda.com.ar\/blog\/wp-content\/uploads\/2017\/10\/portada_la-mascara-foucault_tomas-abraham_201907111652-195x300.jpg\" alt=\"\" width=\"195\" height=\"300\" srcset=\"http:\/\/rutadelaseda.com.ar\/blog\/wp-content\/uploads\/2017\/10\/portada_la-mascara-foucault_tomas-abraham_201907111652-195x300.jpg 195w, http:\/\/rutadelaseda.com.ar\/blog\/wp-content\/uploads\/2017\/10\/portada_la-mascara-foucault_tomas-abraham_201907111652.jpg 252w\" sizes=\"auto, (max-width: 195px) 100vw, 195px\" \/><\/a><\/p>\n<p><a style=\"text-decoration-line: underline;\" href=\"http:\/\/rutadelaseda.com.ar\/blog\/wp-content\/uploads\/2017\/10\/Dolor-y-gloria-Almod\u00f3var-Agosto-2019.pdf\">Dolor y gloria &#8211; Almod\u00f3var &#8211; Agosto 2019\u00a0<\/a><\/p>\n<p><a style=\"text-decoration-line: underline;\" href=\"http:\/\/rutadelaseda.com.ar\/blog\/wp-content\/uploads\/2017\/10\/Leonardo-y-Maquiavelo-Julio-2019.pdf\">Leonardo y Maquiavelo &#8211; Julio 2019<\/a><\/p>\n<p><a href=\"http:\/\/rutadelaseda.com.ar\/blog\/wp-content\/uploads\/2017\/10\/Qu\u00e9-hacer-con-las-v\u00edctimas-Junio-2019.pdf\">Qu\u00e9 hacer con las v\u00edctimas &#8211; Junio 2019<\/a><\/p>\n<p><a href=\"http:\/\/rutadelaseda.com.ar\/blog\/wp-content\/uploads\/2017\/10\/Comunidad-de-fieles-o-corporaci\u00f3n-Abril-2019.pdf\">Comunidad de fieles o corporaci\u00f3n &#8211; Abril 2019<\/a><\/p>\n<p><a href=\"http:\/\/rutadelaseda.com.ar\/blog\/wp-content\/uploads\/2017\/10\/Lo-femenino-Una-revoluci\u00f3n-sin-fin-Marzo-2019.pdf\">Lo femenino &#8211; Una revoluci\u00f3n sin fin &#8211; Marzo 2019<\/a><\/p>\n<p><a href=\"http:\/\/rutadelaseda.com.ar\/blog\/wp-content\/uploads\/2017\/10\/Todos-Hablan-Marzo-2019.pdf\">Todos Hablan &#8211; Marzo 2019<\/a><\/p>\n<p><a href=\"http:\/\/www.revistacriterio.com.ar\/bloginst_new\/2017\/10\/12\/la-revolucion-ha-muerto\/\">12\/10\/2017 &#8211;\u00a0La Revoluci\u00f3n ha muerto<\/a><\/p>\n<p><a href=\"http:\/\/www.revistacriterio.com.ar\/bloginst_new\/2017\/09\/10\/umberto-eco-homenaje-y-decepcion\/\">19\/09\/2017 &#8211;\u00a0Umberto Eco. Homenaje y decepci\u00f3n<\/a><\/p>\n<p><a href=\"http:\/\/www.revistacriterio.com.ar\/bloginst_new\/2017\/06\/08\/jazmin-dubourg-en-artepar\/\">08\/06\/2017 &#8211;\u00a0Jazm\u00edn Dubourg en ArtePar<\/a><\/p>\n<p><a href=\"http:\/\/www.revistacriterio.com.ar\/bloginst_new\/2017\/03\/01\/la-promesa-frustrada\/\">01\/03\/2017 &#8211; La Promesa Frustrada<\/a><\/p>\n<p><a href=\"http:\/\/www.revistacriterio.com.ar\/bloginst_new\/2017\/02\/07\/la-asuncion-de-trump\/\">07\/02\/2017 &#8211;\u00a0La asunci\u00f3n de Trump<\/a><\/p>\n<p><a href=\"http:\/\/www.revistacriterio.com.ar\/bloginst_new\/2016\/11\/07\/los-usos-politicos-de-una-emocion\/\">07\/11\/2016 &#8211;\u00a0Los usos pol\u00edticos de una emoci\u00f3n<\/a><\/p>\n<p><a href=\"http:\/\/www.revistacriterio.com.ar\/bloginst_new\/2016\/10\/08\/medio-oriente-cronica-de-una-negacion\/\">08\/10\/2016 &#8211;\u00a0Medio Oriente, cr\u00f3nica de una negaci\u00f3n<\/a><\/p>\n<p><a href=\"http:\/\/www.revistacriterio.com.ar\/bloginst_new\/2016\/09\/10\/los-duenos-del-miedo\/\">10\/09\/2016 &#8211;\u00a0Los due\u00f1os del miedo<\/a><\/p>\n<p><a href=\"http:\/\/www.revistacriterio.com.ar\/bloginst_new\/2016\/08\/09\/las-fronteras-del-sr-trump\/\">08\/09\/2016 &#8211;\u00a0Las fronteras del Sr. Trump<\/a><\/p>\n<p><a href=\"http:\/\/www.revistacriterio.com.ar\/bloginst_new\/2013\/12\/10\/aguantar-los-trapos\/\">10\/12\/2013 &#8211; Aguantar Los Trapos<\/a><\/p>\n<p>&nbsp;<\/p>\n","protected":false},"excerpt":{"rendered":"<p>El escudo del odio &#8211; Diciembre 2019 La muerte es el olvido &#8211; Celesia &#8211; Octubre 2019 La m\u00e1scara Foucault &#8211; Tom\u00e1s Abraham &#8211; Septiembre 2019 Dolor y gloria &#8211; Almod\u00f3var &#8211; Agosto 2019\u00a0 Leonardo y Maquiavelo &#8211; Julio 2019 &hellip; <a href=\"http:\/\/rutadelaseda.com.ar\/blog\/notas-publicadas\/\">Sigue leyendo <span class=\"meta-nav\">&rarr;<\/span><\/a><\/p>\n","protected":false},"author":2,"featured_media":0,"parent":0,"menu_order":0,"comment_status":"closed","ping_status":"closed","template":"","meta":{"footnotes":""},"class_list":["post-31","page","type-page","status-publish","hentry"],"_links":{"self":[{"href":"http:\/\/rutadelaseda.com.ar\/blog\/wp-json\/wp\/v2\/pages\/31","targetHints":{"allow":["GET"]}}],"collection":[{"href":"http:\/\/rutadelaseda.com.ar\/blog\/wp-json\/wp\/v2\/pages"}],"about":[{"href":"http:\/\/rutadelaseda.com.ar\/blog\/wp-json\/wp\/v2\/types\/page"}],"author":[{"embeddable":true,"href":"http:\/\/rutadelaseda.com.ar\/blog\/wp-json\/wp\/v2\/users\/2"}],"replies":[{"embeddable":true,"href":"http:\/\/rutadelaseda.com.ar\/blog\/wp-json\/wp\/v2\/comments?post=31"}],"version-history":[{"count":26,"href":"http:\/\/rutadelaseda.com.ar\/blog\/wp-json\/wp\/v2\/pages\/31\/revisions"}],"predecessor-version":[{"id":110,"href":"http:\/\/rutadelaseda.com.ar\/blog\/wp-json\/wp\/v2\/pages\/31\/revisions\/110"}],"wp:attachment":[{"href":"http:\/\/rutadelaseda.com.ar\/blog\/wp-json\/wp\/v2\/media?parent=31"}],"curies":[{"name":"wp","href":"https:\/\/api.w.org\/{rel}","templated":true}]}}